{"id":1225,"date":"2022-01-14T18:41:16","date_gmt":"2022-01-14T17:41:16","guid":{"rendered":"http:\/\/www.dieparteifreien.at\/?page_id=1225"},"modified":"2022-02-03T08:49:27","modified_gmt":"2022-02-03T07:49:27","slug":"unser-team-2022","status":"publish","type":"page","link":"http:\/\/www.dieparteifreien.at\/?page_id=1225","title":{"rendered":"Unser Team 2022"},"content":{"rendered":"\n<p>Hier ist die vollst\u00e4ndige Liste der Parteifreien &#8211; ein starkes Team, das unterschiedlichste Perspektiven zu einem ganzen verwebt und generations\u00fcbergreifend Lebenserfahrung mit dem Elan der Jugend kombiniert. Zwischen der j\u00fcngsten Kandidatin und dem \u00e4ltesten Routinier auf unserer Liste besteht ein Altersunterschied von \u00fcber 60 Jahren. Auch in Sachen Beruf und Expertise weisen wir gro\u00dfe Vielfalt auf. Sport, Umwelt, Familie, Bildung, Kunst und Kultur, Wirtschaft, Recht, Bau, Jugend, Wissenschaft &#8211; wir decken alle Themen bestens ab. Wir sind unabh\u00e4ngig von Parteien auf Bundes- und Landesebene. Unser Einsatz gilt nur der Perle Tirols. Wir sind die Richtigen f\u00fcr Kufstein. Wir sind &#8222;Die Parteifreien&#8220;.<\/p>\n\n\n\n<p>Klicken Sie auf die einzelnen Bilder, um Informationen zu den einzelnen Kandidat:innen zu erhalten.<\/p>\n\n\n\n<div class=\"wp-block-columns is-layout-flex wp-container-core-columns-is-layout-9d6595d7 wp-block-columns-is-layout-flex\">\n<div class=\"wp-block-column is-layout-flow wp-block-column-is-layout-flow\">\n<figure class=\"wp-block-image size-large\"><a href=\"http:\/\/www.dieparteifreien.at\/?p=1075\"><img loading=\"lazy\" decoding=\"async\" width=\"600\" height=\"450\" src=\"http:\/\/www.dieparteifreien.at\/wp-content\/uploads\/2021\/11\/Martin-1-Satz-HP--600x450.jpg\" alt=\"\" class=\"wp-image-1274\" srcset=\"http:\/\/www.dieparteifreien.at\/wp-content\/uploads\/2021\/11\/Martin-1-Satz-HP--600x450.jpg 600w, http:\/\/www.dieparteifreien.at\/wp-content\/uploads\/2021\/11\/Martin-1-Satz-HP--120x90.jpg 120w, http:\/\/www.dieparteifreien.at\/wp-content\/uploads\/2021\/11\/Martin-1-Satz-HP--768x576.jpg 768w, http:\/\/www.dieparteifreien.at\/wp-content\/uploads\/2021\/11\/Martin-1-Satz-HP-.jpg 1024w\" sizes=\"auto, (max-width: 600px) 100vw, 600px\" \/><\/a><\/figure>\n<\/div>\n\n\n\n<div class=\"wp-block-column is-layout-flow wp-block-column-is-layout-flow\">\n<figure class=\"wp-block-image size-large\"><a href=\"http:\/\/www.dieparteifreien.at\/?p=667\"><img loading=\"lazy\" decoding=\"async\" width=\"600\" height=\"450\" src=\"http:\/\/www.dieparteifreien.at\/wp-content\/uploads\/2021\/11\/Brigitta-1-Satz-HP-1-1-600x450.jpg\" alt=\"\" class=\"wp-image-1283\" srcset=\"http:\/\/www.dieparteifreien.at\/wp-content\/uploads\/2021\/11\/Brigitta-1-Satz-HP-1-1-600x450.jpg 600w, http:\/\/www.dieparteifreien.at\/wp-content\/uploads\/2021\/11\/Brigitta-1-Satz-HP-1-1-120x90.jpg 120w, http:\/\/www.dieparteifreien.at\/wp-content\/uploads\/2021\/11\/Brigitta-1-Satz-HP-1-1-768x576.jpg 768w, http:\/\/www.dieparteifreien.at\/wp-content\/uploads\/2021\/11\/Brigitta-1-Satz-HP-1-1.jpg 1024w\" sizes=\"auto, (max-width: 600px) 100vw, 600px\" \/><\/a><\/figure>\n<\/div>\n<\/div>\n\n\n\n<div class=\"wp-block-columns is-layout-flex wp-container-core-columns-is-layout-9d6595d7 wp-block-columns-is-layout-flex\">\n<div class=\"wp-block-column is-layout-flow wp-block-column-is-layout-flow\">\n<figure class=\"wp-block-image size-large\"><a href=\"http:\/\/www.dieparteifreien.at\/?p=691\"><img loading=\"lazy\" decoding=\"async\" width=\"600\" height=\"450\" src=\"http:\/\/www.dieparteifreien.at\/wp-content\/uploads\/2022\/01\/HP-Stefan-Neu-korr.1-Satz-600x450.jpg\" alt=\"\" class=\"wp-image-1658\" srcset=\"http:\/\/www.dieparteifreien.at\/wp-content\/uploads\/2022\/01\/HP-Stefan-Neu-korr.1-Satz-600x450.jpg 600w, http:\/\/www.dieparteifreien.at\/wp-content\/uploads\/2022\/01\/HP-Stefan-Neu-korr.1-Satz-120x90.jpg 120w, http:\/\/www.dieparteifreien.at\/wp-content\/uploads\/2022\/01\/HP-Stefan-Neu-korr.1-Satz-768x576.jpg 768w, http:\/\/www.dieparteifreien.at\/wp-content\/uploads\/2022\/01\/HP-Stefan-Neu-korr.1-Satz.jpg 1024w\" sizes=\"auto, (max-width: 600px) 100vw, 600px\" \/><\/a><\/figure>\n<\/div>\n\n\n\n<div class=\"wp-block-column is-layout-flow wp-block-column-is-layout-flow\">\n<figure class=\"wp-block-image size-large\"><a href=\"http:\/\/www.dieparteifreien.at\/?p=695\"><img loading=\"lazy\" decoding=\"async\" width=\"600\" height=\"450\" src=\"http:\/\/www.dieparteifreien.at\/wp-content\/uploads\/2021\/11\/Werner-1-Satz-HP--600x450.jpg\" alt=\"\" class=\"wp-image-1286\" srcset=\"http:\/\/www.dieparteifreien.at\/wp-content\/uploads\/2021\/11\/Werner-1-Satz-HP--600x450.jpg 600w, http:\/\/www.dieparteifreien.at\/wp-content\/uploads\/2021\/11\/Werner-1-Satz-HP--120x90.jpg 120w, http:\/\/www.dieparteifreien.at\/wp-content\/uploads\/2021\/11\/Werner-1-Satz-HP--768x576.jpg 768w, http:\/\/www.dieparteifreien.at\/wp-content\/uploads\/2021\/11\/Werner-1-Satz-HP-.jpg 1024w\" sizes=\"auto, (max-width: 600px) 100vw, 600px\" \/><\/a><\/figure>\n<\/div>\n<\/div>\n\n\n\n<div class=\"wp-block-columns is-layout-flex wp-container-core-columns-is-layout-9d6595d7 wp-block-columns-is-layout-flex\">\n<div class=\"wp-block-column is-layout-flow wp-block-column-is-layout-flow\">\n<figure class=\"wp-block-image size-large\"><a href=\"http:\/\/www.dieparteifreien.at\/?p=683\"><img loading=\"lazy\" decoding=\"async\" width=\"600\" height=\"450\" src=\"http:\/\/www.dieparteifreien.at\/wp-content\/uploads\/2021\/11\/Karin-HP-1-Satz-600x450.jpg\" alt=\"\" class=\"wp-image-1288\" srcset=\"http:\/\/www.dieparteifreien.at\/wp-content\/uploads\/2021\/11\/Karin-HP-1-Satz-600x450.jpg 600w, http:\/\/www.dieparteifreien.at\/wp-content\/uploads\/2021\/11\/Karin-HP-1-Satz-120x90.jpg 120w, http:\/\/www.dieparteifreien.at\/wp-content\/uploads\/2021\/11\/Karin-HP-1-Satz-768x576.jpg 768w, http:\/\/www.dieparteifreien.at\/wp-content\/uploads\/2021\/11\/Karin-HP-1-Satz.jpg 1024w\" sizes=\"auto, (max-width: 600px) 100vw, 600px\" \/><\/a><\/figure>\n<\/div>\n\n\n\n<div class=\"wp-block-column is-layout-flow wp-block-column-is-layout-flow\">\n<figure class=\"wp-block-image size-large\"><a href=\"http:\/\/www.dieparteifreien.at\/?p=659\"><img loading=\"lazy\" decoding=\"async\" width=\"600\" height=\"450\" src=\"http:\/\/www.dieparteifreien.at\/wp-content\/uploads\/2021\/11\/HP-1-Peter-Satz-600x450.jpg\" alt=\"\" class=\"wp-image-1290\" srcset=\"http:\/\/www.dieparteifreien.at\/wp-content\/uploads\/2021\/11\/HP-1-Peter-Satz-600x450.jpg 600w, http:\/\/www.dieparteifreien.at\/wp-content\/uploads\/2021\/11\/HP-1-Peter-Satz-120x90.jpg 120w, http:\/\/www.dieparteifreien.at\/wp-content\/uploads\/2021\/11\/HP-1-Peter-Satz-768x576.jpg 768w, http:\/\/www.dieparteifreien.at\/wp-content\/uploads\/2021\/11\/HP-1-Peter-Satz.jpg 1024w\" sizes=\"auto, (max-width: 600px) 100vw, 600px\" \/><\/a><\/figure>\n<\/div>\n<\/div>\n\n\n\n<div class=\"wp-block-columns is-layout-flex wp-container-core-columns-is-layout-9d6595d7 wp-block-columns-is-layout-flex\">\n<div class=\"wp-block-column is-layout-flow wp-block-column-is-layout-flow\">\n<figure class=\"wp-block-image size-large\"><a href=\"http:\/\/www.dieparteifreien.at\/?p=707\"><img loading=\"lazy\" decoding=\"async\" width=\"600\" height=\"450\" src=\"http:\/\/www.dieparteifreien.at\/wp-content\/uploads\/2021\/11\/HP-Klaus-1-Satz-600x450.jpg\" alt=\"\" class=\"wp-image-1320\" srcset=\"http:\/\/www.dieparteifreien.at\/wp-content\/uploads\/2021\/11\/HP-Klaus-1-Satz-600x450.jpg 600w, http:\/\/www.dieparteifreien.at\/wp-content\/uploads\/2021\/11\/HP-Klaus-1-Satz-120x90.jpg 120w, http:\/\/www.dieparteifreien.at\/wp-content\/uploads\/2021\/11\/HP-Klaus-1-Satz-768x576.jpg 768w, http:\/\/www.dieparteifreien.at\/wp-content\/uploads\/2021\/11\/HP-Klaus-1-Satz.jpg 1024w\" sizes=\"auto, (max-width: 600px) 100vw, 600px\" \/><\/a><\/figure>\n<\/div>\n\n\n\n<div class=\"wp-block-column is-layout-flow wp-block-column-is-layout-flow\">\n<figure class=\"wp-block-image size-large\"><a href=\"http:\/\/www.dieparteifreien.at\/?p=714\"><img loading=\"lazy\" decoding=\"async\" width=\"600\" height=\"450\" src=\"http:\/\/www.dieparteifreien.at\/wp-content\/uploads\/2021\/11\/HP-Susi-Stadtteil-1-Satz-600x450.jpg\" alt=\"\" class=\"wp-image-1349\" srcset=\"http:\/\/www.dieparteifreien.at\/wp-content\/uploads\/2021\/11\/HP-Susi-Stadtteil-1-Satz-600x450.jpg 600w, http:\/\/www.dieparteifreien.at\/wp-content\/uploads\/2021\/11\/HP-Susi-Stadtteil-1-Satz-120x90.jpg 120w, http:\/\/www.dieparteifreien.at\/wp-content\/uploads\/2021\/11\/HP-Susi-Stadtteil-1-Satz-768x576.jpg 768w, http:\/\/www.dieparteifreien.at\/wp-content\/uploads\/2021\/11\/HP-Susi-Stadtteil-1-Satz.jpg 1024w\" sizes=\"auto, (max-width: 600px) 100vw, 600px\" \/><\/a><\/figure>\n<\/div>\n<\/div>\n\n\n\n<div class=\"wp-block-columns is-layout-flex wp-container-core-columns-is-layout-9d6595d7 wp-block-columns-is-layout-flex\">\n<div class=\"wp-block-column is-layout-flow wp-block-column-is-layout-flow\">\n<figure class=\"wp-block-image size-large\"><a href=\"http:\/\/www.dieparteifreien.at\/?p=1163\"><img loading=\"lazy\" decoding=\"async\" width=\"600\" height=\"450\" src=\"http:\/\/www.dieparteifreien.at\/wp-content\/uploads\/2021\/11\/HP-Carina-1-Satz-600x450.jpg\" alt=\"\" class=\"wp-image-1318\" srcset=\"http:\/\/www.dieparteifreien.at\/wp-content\/uploads\/2021\/11\/HP-Carina-1-Satz-600x450.jpg 600w, http:\/\/www.dieparteifreien.at\/wp-content\/uploads\/2021\/11\/HP-Carina-1-Satz-120x90.jpg 120w, http:\/\/www.dieparteifreien.at\/wp-content\/uploads\/2021\/11\/HP-Carina-1-Satz-768x576.jpg 768w, http:\/\/www.dieparteifreien.at\/wp-content\/uploads\/2021\/11\/HP-Carina-1-Satz.jpg 1024w\" sizes=\"auto, (max-width: 600px) 100vw, 600px\" \/><\/a><\/figure>\n<\/div>\n\n\n\n<div class=\"wp-block-column is-layout-flow wp-block-column-is-layout-flow\">\n<figure class=\"wp-block-image size-large\"><a href=\"http:\/\/www.dieparteifreien.at\/?p=1165\"><img loading=\"lazy\" decoding=\"async\" width=\"600\" height=\"450\" src=\"http:\/\/www.dieparteifreien.at\/wp-content\/uploads\/2021\/11\/HP-Horst-Eh.-1-Satz-600x450.jpg\" alt=\"\" class=\"wp-image-1336\" srcset=\"http:\/\/www.dieparteifreien.at\/wp-content\/uploads\/2021\/11\/HP-Horst-Eh.-1-Satz-600x450.jpg 600w, http:\/\/www.dieparteifreien.at\/wp-content\/uploads\/2021\/11\/HP-Horst-Eh.-1-Satz-120x90.jpg 120w, http:\/\/www.dieparteifreien.at\/wp-content\/uploads\/2021\/11\/HP-Horst-Eh.-1-Satz-768x576.jpg 768w, http:\/\/www.dieparteifreien.at\/wp-content\/uploads\/2021\/11\/HP-Horst-Eh.-1-Satz.jpg 1024w\" sizes=\"auto, (max-width: 600px) 100vw, 600px\" \/><\/a><\/figure>\n<\/div>\n<\/div>\n\n\n\n<div class=\"wp-block-columns is-layout-flex wp-container-core-columns-is-layout-9d6595d7 wp-block-columns-is-layout-flex\">\n<div class=\"wp-block-column is-layout-flow wp-block-column-is-layout-flow\">\n<figure class=\"wp-block-image size-large\"><a href=\"http:\/\/www.dieparteifreien.at\/?p=1168\"><img loading=\"lazy\" decoding=\"async\" width=\"600\" height=\"450\" src=\"http:\/\/www.dieparteifreien.at\/wp-content\/uploads\/2021\/11\/HP-Silvia-1-Satz-600x450.jpg\" alt=\"\" class=\"wp-image-1316\" srcset=\"http:\/\/www.dieparteifreien.at\/wp-content\/uploads\/2021\/11\/HP-Silvia-1-Satz-600x450.jpg 600w, http:\/\/www.dieparteifreien.at\/wp-content\/uploads\/2021\/11\/HP-Silvia-1-Satz-120x90.jpg 120w, http:\/\/www.dieparteifreien.at\/wp-content\/uploads\/2021\/11\/HP-Silvia-1-Satz-768x576.jpg 768w, http:\/\/www.dieparteifreien.at\/wp-content\/uploads\/2021\/11\/HP-Silvia-1-Satz.jpg 1024w\" sizes=\"auto, (max-width: 600px) 100vw, 600px\" \/><\/a><\/figure>\n<\/div>\n\n\n\n<div class=\"wp-block-column is-layout-flow wp-block-column-is-layout-flow\">\n<figure class=\"wp-block-image size-large\"><a href=\"http:\/\/www.dieparteifreien.at\/?p=1170\"><img loading=\"lazy\" decoding=\"async\" width=\"600\" height=\"450\" src=\"http:\/\/www.dieparteifreien.at\/wp-content\/uploads\/2022\/01\/HP-Herbert-NEU-1-Satz-600x450.jpg\" alt=\"\" class=\"wp-image-1519\" srcset=\"http:\/\/www.dieparteifreien.at\/wp-content\/uploads\/2022\/01\/HP-Herbert-NEU-1-Satz-600x450.jpg 600w, http:\/\/www.dieparteifreien.at\/wp-content\/uploads\/2022\/01\/HP-Herbert-NEU-1-Satz-120x90.jpg 120w, http:\/\/www.dieparteifreien.at\/wp-content\/uploads\/2022\/01\/HP-Herbert-NEU-1-Satz-768x576.jpg 768w, http:\/\/www.dieparteifreien.at\/wp-content\/uploads\/2022\/01\/HP-Herbert-NEU-1-Satz.jpg 1024w\" sizes=\"auto, (max-width: 600px) 100vw, 600px\" \/><\/a><\/figure>\n<\/div>\n<\/div>\n\n\n\n<div class=\"wp-block-columns is-layout-flex wp-container-core-columns-is-layout-9d6595d7 wp-block-columns-is-layout-flex\">\n<div class=\"wp-block-column is-layout-flow wp-block-column-is-layout-flow\">\n<figure class=\"wp-block-image size-large\"><a href=\"http:\/\/www.dieparteifreien.at\/?p=1172\"><img loading=\"lazy\" decoding=\"async\" width=\"600\" height=\"450\" src=\"http:\/\/www.dieparteifreien.at\/wp-content\/uploads\/2021\/11\/HP-Shiva-1-Satz-600x450.jpg\" alt=\"\" class=\"wp-image-1315\" srcset=\"http:\/\/www.dieparteifreien.at\/wp-content\/uploads\/2021\/11\/HP-Shiva-1-Satz-600x450.jpg 600w, http:\/\/www.dieparteifreien.at\/wp-content\/uploads\/2021\/11\/HP-Shiva-1-Satz-120x90.jpg 120w, http:\/\/www.dieparteifreien.at\/wp-content\/uploads\/2021\/11\/HP-Shiva-1-Satz-768x576.jpg 768w, http:\/\/www.dieparteifreien.at\/wp-content\/uploads\/2021\/11\/HP-Shiva-1-Satz.jpg 1024w\" sizes=\"auto, (max-width: 600px) 100vw, 600px\" \/><\/a><\/figure>\n<\/div>\n\n\n\n<div class=\"wp-block-column is-layout-flow wp-block-column-is-layout-flow\">\n<figure class=\"wp-block-image size-large\"><a href=\"http:\/\/www.dieparteifreien.at\/?p=1174\"><img loading=\"lazy\" decoding=\"async\" width=\"600\" height=\"450\" src=\"http:\/\/www.dieparteifreien.at\/wp-content\/uploads\/2021\/11\/HP-Manuel-korr.1-Satz-600x450.jpg\" alt=\"\" class=\"wp-image-1350\" srcset=\"http:\/\/www.dieparteifreien.at\/wp-content\/uploads\/2021\/11\/HP-Manuel-korr.1-Satz-600x450.jpg 600w, http:\/\/www.dieparteifreien.at\/wp-content\/uploads\/2021\/11\/HP-Manuel-korr.1-Satz-120x90.jpg 120w, http:\/\/www.dieparteifreien.at\/wp-content\/uploads\/2021\/11\/HP-Manuel-korr.1-Satz-768x576.jpg 768w, http:\/\/www.dieparteifreien.at\/wp-content\/uploads\/2021\/11\/HP-Manuel-korr.1-Satz.jpg 1024w\" sizes=\"auto, (max-width: 600px) 100vw, 600px\" \/><\/a><\/figure>\n<\/div>\n<\/div>\n\n\n\n<div class=\"wp-block-columns is-layout-flex wp-container-core-columns-is-layout-9d6595d7 wp-block-columns-is-layout-flex\">\n<div class=\"wp-block-column is-layout-flow wp-block-column-is-layout-flow\">\n<figure class=\"wp-block-image size-large\"><a href=\"http:\/\/www.dieparteifreien.at\/?p=1176\"><img loading=\"lazy\" decoding=\"async\" width=\"600\" height=\"450\" src=\"http:\/\/www.dieparteifreien.at\/wp-content\/uploads\/2021\/11\/HP-Paul-1-Satz-600x450.jpg\" alt=\"\" class=\"wp-image-1313\" srcset=\"http:\/\/www.dieparteifreien.at\/wp-content\/uploads\/2021\/11\/HP-Paul-1-Satz-600x450.jpg 600w, http:\/\/www.dieparteifreien.at\/wp-content\/uploads\/2021\/11\/HP-Paul-1-Satz-120x90.jpg 120w, http:\/\/www.dieparteifreien.at\/wp-content\/uploads\/2021\/11\/HP-Paul-1-Satz-768x576.jpg 768w, http:\/\/www.dieparteifreien.at\/wp-content\/uploads\/2021\/11\/HP-Paul-1-Satz.jpg 1024w\" sizes=\"auto, (max-width: 600px) 100vw, 600px\" \/><\/a><\/figure>\n<\/div>\n\n\n\n<div class=\"wp-block-column is-layout-flow wp-block-column-is-layout-flow\">\n<figure class=\"wp-block-image size-large\"><img loading=\"lazy\" decoding=\"async\" width=\"600\" height=\"450\" src=\"http:\/\/www.dieparteifreien.at\/wp-content\/uploads\/2021\/11\/HP-Horst-K.-1-Satz-600x450.jpg\" alt=\"\" class=\"wp-image-1312\" srcset=\"http:\/\/www.dieparteifreien.at\/wp-content\/uploads\/2021\/11\/HP-Horst-K.-1-Satz-600x450.jpg 600w, http:\/\/www.dieparteifreien.at\/wp-content\/uploads\/2021\/11\/HP-Horst-K.-1-Satz-120x90.jpg 120w, http:\/\/www.dieparteifreien.at\/wp-content\/uploads\/2021\/11\/HP-Horst-K.-1-Satz-768x576.jpg 768w, http:\/\/www.dieparteifreien.at\/wp-content\/uploads\/2021\/11\/HP-Horst-K.-1-Satz.jpg 1024w\" sizes=\"auto, (max-width: 600px) 100vw, 600px\" \/><\/figure>\n<\/div>\n<\/div>\n\n\n\n<div class=\"wp-block-columns is-layout-flex wp-container-core-columns-is-layout-9d6595d7 wp-block-columns-is-layout-flex\">\n<div class=\"wp-block-column is-layout-flow wp-block-column-is-layout-flow\">\n<figure class=\"wp-block-image size-large\"><img loading=\"lazy\" decoding=\"async\" width=\"600\" height=\"450\" src=\"http:\/\/www.dieparteifreien.at\/wp-content\/uploads\/2021\/11\/HP-Karin-1-Satz-600x450.jpg\" alt=\"\" class=\"wp-image-1311\" srcset=\"http:\/\/www.dieparteifreien.at\/wp-content\/uploads\/2021\/11\/HP-Karin-1-Satz-600x450.jpg 600w, http:\/\/www.dieparteifreien.at\/wp-content\/uploads\/2021\/11\/HP-Karin-1-Satz-120x90.jpg 120w, http:\/\/www.dieparteifreien.at\/wp-content\/uploads\/2021\/11\/HP-Karin-1-Satz-768x576.jpg 768w, http:\/\/www.dieparteifreien.at\/wp-content\/uploads\/2021\/11\/HP-Karin-1-Satz.jpg 1024w\" sizes=\"auto, (max-width: 600px) 100vw, 600px\" \/><\/figure>\n<\/div>\n\n\n\n<div class=\"wp-block-column is-layout-flow wp-block-column-is-layout-flow\">\n<figure class=\"wp-block-image size-large\"><img loading=\"lazy\" decoding=\"async\" width=\"600\" height=\"450\" src=\"http:\/\/www.dieparteifreien.at\/wp-content\/uploads\/2021\/11\/HP-Helmut-P.1-Satz-600x450.jpg\" alt=\"\" class=\"wp-image-1310\" srcset=\"http:\/\/www.dieparteifreien.at\/wp-content\/uploads\/2021\/11\/HP-Helmut-P.1-Satz-600x450.jpg 600w, http:\/\/www.dieparteifreien.at\/wp-content\/uploads\/2021\/11\/HP-Helmut-P.1-Satz-120x90.jpg 120w, http:\/\/www.dieparteifreien.at\/wp-content\/uploads\/2021\/11\/HP-Helmut-P.1-Satz-768x576.jpg 768w, http:\/\/www.dieparteifreien.at\/wp-content\/uploads\/2021\/11\/HP-Helmut-P.1-Satz.jpg 1024w\" sizes=\"auto, (max-width: 600px) 100vw, 600px\" \/><\/figure>\n<\/div>\n<\/div>\n\n\n\n<div class=\"wp-block-columns is-layout-flex wp-container-core-columns-is-layout-9d6595d7 wp-block-columns-is-layout-flex\">\n<div class=\"wp-block-column is-layout-flow wp-block-column-is-layout-flow\">\n<figure class=\"wp-block-image size-large\"><img loading=\"lazy\" decoding=\"async\" width=\"600\" height=\"450\" src=\"http:\/\/www.dieparteifreien.at\/wp-content\/uploads\/2021\/11\/HP-Gerhard-1-Satz-600x450.jpg\" alt=\"\" class=\"wp-image-1309\" srcset=\"http:\/\/www.dieparteifreien.at\/wp-content\/uploads\/2021\/11\/HP-Gerhard-1-Satz-600x450.jpg 600w, http:\/\/www.dieparteifreien.at\/wp-content\/uploads\/2021\/11\/HP-Gerhard-1-Satz-120x90.jpg 120w, http:\/\/www.dieparteifreien.at\/wp-content\/uploads\/2021\/11\/HP-Gerhard-1-Satz-768x576.jpg 768w, http:\/\/www.dieparteifreien.at\/wp-content\/uploads\/2021\/11\/HP-Gerhard-1-Satz.jpg 1024w\" sizes=\"auto, (max-width: 600px) 100vw, 600px\" \/><\/figure>\n<\/div>\n\n\n\n<div class=\"wp-block-column is-layout-flow wp-block-column-is-layout-flow\"><\/div>\n<\/div>\n\n\n\n<p><\/p>\n\n\n\n<figure class=\"wp-block-image size-full\"><img loading=\"lazy\" decoding=\"async\" width=\"2480\" height=\"1742\" src=\"http:\/\/www.dieparteifreien.at\/wp-content\/uploads\/2022\/01\/list.jpg\" alt=\"\" class=\"wp-image-1482\" srcset=\"http:\/\/www.dieparteifreien.at\/wp-content\/uploads\/2022\/01\/list.jpg 2480w, http:\/\/www.dieparteifreien.at\/wp-content\/uploads\/2022\/01\/list-120x84.jpg 120w, http:\/\/www.dieparteifreien.at\/wp-content\/uploads\/2022\/01\/list-600x421.jpg 600w, http:\/\/www.dieparteifreien.at\/wp-content\/uploads\/2022\/01\/list-768x539.jpg 768w, http:\/\/www.dieparteifreien.at\/wp-content\/uploads\/2022\/01\/list-1536x1079.jpg 1536w, http:\/\/www.dieparteifreien.at\/wp-content\/uploads\/2022\/01\/list-2048x1439.jpg 2048w\" sizes=\"auto, (max-width: 2480px) 100vw, 2480px\" \/><\/figure>\n","protected":false},"excerpt":{"rendered":"<p>Hier ist die vollst\u00e4ndige Liste der Parteifreien &#8211; ein starkes<\/p>\n","protected":false},"author":1,"featured_media":0,"parent":0,"menu_order":1,"comment_status":"closed","ping_status":"closed","template":"","meta":{"footnotes":""},"class_list":["post-1225","page","type-page","status-publish","hentry","comments-off"],"_links":{"self":[{"href":"http:\/\/www.dieparteifreien.at\/index.php?rest_route=\/wp\/v2\/pages\/1225","targetHints":{"allow":["GET"]}}],"collection":[{"href":"http:\/\/www.dieparteifreien.at\/index.php?rest_route=\/wp\/v2\/pages"}],"about":[{"href":"http:\/\/www.dieparteifreien.at\/index.php?rest_route=\/wp\/v2\/types\/page"}],"author":[{"embeddable":true,"href":"http:\/\/www.dieparteifreien.at\/index.php?rest_route=\/wp\/v2\/users\/1"}],"replies":[{"embeddable":true,"href":"http:\/\/www.dieparteifreien.at\/index.php?rest_route=%2Fwp%2Fv2%2Fcomments&post=1225"}],"version-history":[{"count":16,"href":"http:\/\/www.dieparteifreien.at\/index.php?rest_route=\/wp\/v2\/pages\/1225\/revisions"}],"predecessor-version":[{"id":1675,"href":"http:\/\/www.dieparteifreien.at\/index.php?rest_route=\/wp\/v2\/pages\/1225\/revisions\/1675"}],"wp:attachment":[{"href":"http:\/\/www.dieparteifreien.at\/index.php?rest_route=%2Fwp%2Fv2%2Fmedia&parent=1225"}],"curies":[{"name":"wp","href":"https:\/\/api.w.org\/{rel}","templated":true}]}}